{"id":3,"date":"2019-01-29T18:34:25","date_gmt":"2019-01-29T18:34:25","guid":{"rendered":"http:\/\/lasillataller.com\/tienda\/?page_id=3"},"modified":"2021-03-04T12:44:30","modified_gmt":"2021-03-04T18:44:30","slug":"privacy-policy","status":"publish","type":"page","link":"https:\/\/lasillataller.com\/tienda\/?page_id=3","title":{"rendered":"P\u00f3litica de privacidad"},"content":{"rendered":"\t\t<div data-elementor-type=\"wp-page\" data-elementor-id=\"3\" class=\"elementor elementor-3\" data-elementor-settings=\"[]\">\n\t\t\t\t\t\t\t<div class=\"elementor-section-wrap\">\n\t\t\t\t\t\t\t<section class=\"elementor-section elementor-top-section elementor-element elementor-element-6e70c552 elementor-section-boxed elementor-section-height-default elementor-section-height-default gs-locked-section-no\" data-id=\"6e70c552\" data-element_type=\"section\">\n\t\t\t\t\t\t<div class=\"elementor-container elementor-column-gap-default\">\n\t\t\t\t\t<div class=\"elementor-column elementor-col-100 elementor-top-column elementor-element elementor-element-72bec193\" data-id=\"72bec193\" data-element_type=\"column\">\n\t\t\t<div class=\"elementor-widget-wrap elementor-element-populated\">\n\t\t\t\t\t\t\t\t<div class=\"elementor-element elementor-element-6ba38cf0 elementor-widget elementor-widget-text-editor\" data-id=\"6ba38cf0\" data-element_type=\"widget\" data-widget_type=\"text-editor.default\">\n\t\t\t\t<div class=\"elementor-widget-container\">\n\t\t\t\t\t\t\t\t<p><!-- wp:heading --><\/p>\n<p>Los datos de car\u00e1cter personal que usted nos conf\u00eda son muy importantes para nosotros, por este motivo deseamos informarles acerca de c\u00f3mo trata esta empresa sus datos personales.<\/p>\n<p>\u00a0<\/p>\n<p>Los datos personales que nos proporciona de los que usted es titular, persona autorizada o representante legal son incorporados a nuestra base de datos de gesti\u00f3n informatizada o archivo en formato papel, legalizadas y registradas ante la Agencia Espa\u00f1ola de Protecci\u00f3n de Datos. En el momento de registrar estos datos, esta empresa se hace responsable de los mismos y en consecuencia aplicamos todos los medios a nuestro alcance para tratarlos con la m\u00e1xima confidencialidad, evitar su p\u00e9rdida, mal uso, alteraci\u00f3n o acceso no autorizado.<\/p>\n<p>Las finalidades a las que destinamos sus datos aparte de la normativa legal que afecta a nuestra actividad, son las labores administrativas y de gesti\u00f3n para el efectivo cumplimiento y prestaci\u00f3n de los productos y servicios solicitados. Tambi\u00e9n efectuamos controles de calidad sobre los mismos con el fin de ofrecerles en todo momento el mejor trato profesional. As\u00ed mismo para enviarles informaci\u00f3n sobre productos y servicios que esta empresa pueda ofrecerles y sean de su inter\u00e9s. La informaci\u00f3n que nos conf\u00eda tiene como destinatarios el personal t\u00e9cnico y profesional de la entidad.<\/p>\n<p>\u00a0<\/p>\n<p>Esta empresa no vende, cede ni transmite de modo alguno informaci\u00f3n o datos de car\u00e1cter personal de sus clientes a terceros, salvo las comunicaciones contempladas por ley para la prestaci\u00f3n de los servicios solicitados.<\/p>\n<p>\u00a0<\/p>\n<p>Con la finalidad de poder ofrecer el mejor servicio, esta empresa necesita que los datos proporcionados, mediante los medios que ponemos a su disposici\u00f3n (formularios de contacto, correo electr\u00f3nico, etc), se ajusten a la realidad, est\u00e9n actualizados y si se especifican como imprescindibles, sean cumplimentados. De otra forma, esta empresa no podr\u00e1 dar el servicio o la informaci\u00f3n solicitada. En el caso de menores de edad, ser\u00e1 necesaria la autorizaci\u00f3n previa de los padres o representantes legales para poder realizar el tratamiento de los datos personales facilitados.<\/p>\n<p>\u00a0<\/p>\n<p>El cliente\/ usuario autoriza el tratamiento de sus datos personales para los fines anteriormente expuestos.Esta empresa no utiliza cookies en el sitio Web que permitan la obtenci\u00f3n de datos personales sin el consentimiento del cliente\/ usuario. El uso de cookies en el sitio Web tiene como finalidad agilizar el uso del mismo y la elaboraci\u00f3n de estad\u00edsticas de acceso. El cliente\/ usuario dispone si as\u00ed lo desea, de herramientas de control de cookies en su navegador para limitar o impedir su instalaci\u00f3n en el disco duro. Dispone de m\u00e1s informaci\u00f3n en el apartado Pol\u00edtica de Cookies.<\/p>\n<p>\u00a0<\/p>\n<p>Si desea recibir m\u00e1s informaci\u00f3n sobre nuestra Pol\u00edtica de Privacidad puede hacerlo a trav\u00e9s de la direcci\u00f3n de e-mail: hola@lasillataller.com<\/p>\n<p><!-- \/wp:heading --><\/p>\t\t\t\t\t\t<\/div>\n\t\t\t\t<\/div>\n\t\t\t\t\t<\/div>\n\t\t<\/div>\n\t\t\t\t\t\t\t<\/div>\n\t\t<\/section>\n\t\t\t\t\t\t<\/div>\n\t\t\t\t\t<\/div>\n\t\t","protected":false},"excerpt":{"rendered":"<p>Los datos de car\u00e1cter personal que usted nos conf\u00eda son muy importantes para nosotros, por este motivo deseamos informarles acerca de c\u00f3mo trata&#8230;<\/p>\n","protected":false},"author":1,"featured_media":0,"parent":0,"menu_order":0,"comment_status":"closed","ping_status":"open","template":"","meta":[],"_links":{"self":[{"href":"https:\/\/lasillataller.com\/tienda\/index.php?rest_route=\/wp\/v2\/pages\/3"}],"collection":[{"href":"https:\/\/lasillataller.com\/tienda\/index.php?rest_route=\/wp\/v2\/pages"}],"about":[{"href":"https:\/\/lasillataller.com\/tienda\/index.php?rest_route=\/wp\/v2\/types\/page"}],"author":[{"embeddable":true,"href":"https:\/\/lasillataller.com\/tienda\/index.php?rest_route=\/wp\/v2\/users\/1"}],"replies":[{"embeddable":true,"href":"https:\/\/lasillataller.com\/tienda\/index.php?rest_route=%2Fwp%2Fv2%2Fcomments&post=3"}],"version-history":[{"count":11,"href":"https:\/\/lasillataller.com\/tienda\/index.php?rest_route=\/wp\/v2\/pages\/3\/revisions"}],"predecessor-version":[{"id":670,"href":"https:\/\/lasillataller.com\/tienda\/index.php?rest_route=\/wp\/v2\/pages\/3\/revisions\/670"}],"wp:attachment":[{"href":"https:\/\/lasillataller.com\/tienda\/index.php?rest_route=%2Fwp%2Fv2%2Fmedia&parent=3"}],"curies":[{"name":"wp","href":"https:\/\/api.w.org\/{rel}","templated":true}]}}